{"id":3,"date":"2021-09-23T11:53:28","date_gmt":"2021-09-23T11:53:28","guid":{"rendered":"https:\/\/www.bplquadrielettrici.it\/?page_id=3"},"modified":"2023-03-02T13:44:52","modified_gmt":"2023-03-02T13:44:52","slug":"privacy-policy","status":"publish","type":"page","link":"https:\/\/www.bplquadrielettrici.it\/index.php\/privacy-policy\/","title":{"rendered":"Privacy Policy"},"content":{"rendered":"\n<figure class=\"wp-block-table\"><table><tbody><tr><td><a><strong>INFORMATIVA PRIVACY A NORMA DELL\u2019ART. 13<\/strong><\/a><strong>&nbsp;E 14 DEL RGDP PER I DATI RACCOLTI DIRETTAMENTE ED INDIRETTAMENTE PRESSO L\u2019INTERESSATO<\/strong><\/td><\/tr><\/tbody><\/table><\/figure>\n\n\n\n<p>Gentile cliente\/fornitore&nbsp;<\/p>\n\n\n\n<p>\u2022&nbsp;Il Regolamento Europeo in materia di protezione dei dati personali (RGDP) agli artt. 13 e 14, commi 1, impone l\u2019obbligo di informare l\u2019interessato, in caso di raccolta diretta ed indiretta dei suoi dati, sugli elementi fondamentali del trattamento specificandoli.&nbsp;&nbsp;<\/p>\n\n\n\n<p>La scrivente impresa vi adempie compiutamente informandoLa che:<\/p>\n\n\n\n<p><strong>TITOLARE DEL TRATTAMENTO<\/strong><\/p>\n\n\n\n<p>titolare del trattamento\u00a0\u00a0\u00e8 l\u2019impresa\u00a0\u00a0B.P.L. DI BUGLI STEFANO. sita in Misano Adriatico, Via Larga 50<\/p>\n\n\n\n<p>PEC&nbsp;<a>bpl@pec.it<\/a>&nbsp;EMAIL&nbsp;<a>INFO@BPLQUADRIELETTRICI.IT<\/a>&nbsp;&nbsp;RECAPITO TELEFONICO: 0541 615881<\/p>\n\n\n\n<p><strong>FINALITA\u2019<\/strong><\/p>\n\n\n\n<p>I dati sono raccolti per le seguenti finalit\u00e0:&nbsp;esecuzione di obblighi derivanti da un contratto del quale Lei \u00e8 parte o per adempiere, prima dell\u2019esecuzione del contratto, a Sue specifiche richieste; adempimento di obblighi di legge, regolamento, normativa comunitaria;&nbsp;gestione della clientela (amministrazione della clientela; amministrazione dei contratti, ordini, spedizioni e fatture; controllo dell\u2019affidabilit\u00e0 e solvibilit\u00e0); gestione dei fornitori (amministrazione dei fornitori; amministrazione di contratti, ordini, arrivi, fatture; selezioni in rapporto alle necessit\u00e0 dell\u2019impresa); gestione del contenzioso (inadempimenti contrattuali; diffide; transazioni; recupero crediti; arbitrati; controversie giudiziarie); la cui base giuridica si fonda: su esigenza contrattuale o precontrattuale; su obbligo legale al quale la scrivente impresa \u00e8 soggetta e su legittimo interesse.&nbsp;Il legittimo interesse consiste, ad esempio: nel marketing diretto convenzionale e altre forme di marketing o pubblicit\u00e0; nell\u2019esecuzione di richieste legali incluse la riscossione del debito mediante procedure extragiudiziali. I destinatari o le eventuali categorie di destinatari sono ente poste o altre societ\u00e0 di recapito della corrispondenza; banche ed istituti di credito; societ\u00e0 di recupero crediti; studi legali; imprese di assicurazione; societ\u00e0 di manutenzione\/riparazione delle apparecchiature informatiche; studi professionali e\/o societ\u00e0 e\/o associazioni di imprese e di imprenditori che erogano a noi determinati servizi contabili e\/o fiscali, ecc.; enti pubblici.<\/p>\n\n\n\n<p>I dati non saranno trasferiti fuori dal territorio UE o ad una organizzazione internazionale.<\/p>\n\n\n\n<p><strong>PERIODO DI CONSERVAZIONE<\/strong><\/p>\n\n\n\n<p>Il periodo di conservazione dei dati personali&nbsp;&nbsp;contenuti nelle banche dati riguardante: potenziali clienti\/fornitori (dati di persone fisiche, alcuni dati riferiti a societ\u00e0 di persone, dati di persone giuridiche relativi ai loro dipendenti collaboratori, soggetti terzi loro riconducibili) trattamenti precontrattuali su istanza dell\u2019interessato volti alla redazione del contratto o dell\u2019offerta commerciale; adempimenti contrattuali; dati potenzialmente trattabili in sede di contenzioso: obblighi di legge \u00e8 di 10 anni.<\/p>\n\n\n\n<p><strong>DIRITTI DELL\u2019INTERESSATO<\/strong><\/p>\n\n\n\n<p>La si informa dell\u2019esistenza del suo diritto di chiederci l\u2019accesso ai suoi dati personali, di rettifica, di cancellazione degli stessi, di limitazione del trattamento dei dati che la riguardano, di opporsi al loro trattamento, alla portabilit\u00e0 dei dati.\u00a0Le \u00e8 riconosciuto il diritto di proporre reclamo a un\u2019autorit\u00e0 di controllo.<\/p>\n\n\n\n<p><strong>COMUNICAZIONE<\/strong><\/p>\n\n\n\n<p>La comunicazione dei suoi dati \u00e8 obbligatoria per legge, pertanto il Suo eventuale rifiuto di comunicare i dati comporter\u00e0 l\u2019impossibilit\u00e0 di adempiere il contratto;<\/p>\n\n\n\n<figure class=\"wp-block-image size-full\"><img loading=\"lazy\" decoding=\"async\" width=\"193\" height=\"126\" src=\"https:\/\/www.bplquadrielettrici.it\/wp-content\/uploads\/2021\/12\/image.png\" alt=\"\" class=\"wp-image-37\"\/><\/figure>\n\n\n\n<p><small>B.P.L. DI BUGLI STEFANO<br>Via Larga 50 &#8211; 47843 Misano Adriatico (Rn)<\/small><br><small>0541 615881 \/ fax 0541 617392<\/small><br><small><a href=\"https:\/\/www.bplquadrielettrici.it\/\">www.bplquadrielettrici.it<\/a><\/small><\/p>\n","protected":false},"excerpt":{"rendered":"<p>INFORMATIVA PRIVACY A NORMA DELL\u2019ART. 13&nbsp;E 14 DEL RGDP PER I DATI RACCOLTI DIRETTAMENTE ED INDIRETTAMENTE PRESSO L\u2019INTERESSATO Gentile cliente\/fornitore&nbsp; \u2022&nbsp;Il Regolamento Europeo in materia di protezione dei dati personali (RGDP) agli artt. 13 e 14, commi 1, impone l\u2019obbligo di informare l\u2019interessato, in caso di raccolta diretta ed indiretta dei suoi dati, sugli elementi [&hellip;]<\/p>\n","protected":false},"author":1,"featured_media":0,"parent":0,"menu_order":0,"comment_status":"closed","ping_status":"closed","template":"","meta":{"footnotes":""},"class_list":["post-3","page","type-page","status-publish","hentry"],"yoast_head":"<!-- This site is optimized with the Yoast SEO plugin v25.7 - https:\/\/yoast.com\/wordpress\/plugins\/seo\/ -->\n<title>Privacy Policy - BPL Quadri Elettrici<\/title>\n<meta name=\"robots\" content=\"index, follow, max-snippet:-1, max-image-preview:large, max-video-preview:-1\" \/>\n<link rel=\"canonical\" href=\"https:\/\/www.bplquadrielettrici.it\/index.php\/privacy-policy\/\" \/>\n<meta property=\"og:locale\" content=\"it_IT\" \/>\n<meta property=\"og:type\" content=\"article\" \/>\n<meta property=\"og:title\" content=\"Privacy Policy - BPL Quadri Elettrici\" \/>\n<meta property=\"og:description\" content=\"INFORMATIVA PRIVACY A NORMA DELL\u2019ART. 13&nbsp;E 14 DEL RGDP PER I DATI RACCOLTI DIRETTAMENTE ED INDIRETTAMENTE PRESSO L\u2019INTERESSATO Gentile cliente\/fornitore&nbsp; \u2022&nbsp;Il Regolamento Europeo in materia di protezione dei dati personali (RGDP) agli artt. 13 e 14, commi 1, impone l\u2019obbligo di informare l\u2019interessato, in caso di raccolta diretta ed indiretta dei suoi dati, sugli elementi [&hellip;]\" \/>\n<meta property=\"og:url\" content=\"https:\/\/www.bplquadrielettrici.it\/index.php\/privacy-policy\/\" \/>\n<meta property=\"og:site_name\" content=\"BPL Quadri Elettrici\" \/>\n<meta property=\"article:modified_time\" content=\"2023-03-02T13:44:52+00:00\" \/>\n<meta property=\"og:image\" content=\"https:\/\/www.bplquadrielettrici.it\/wp-content\/uploads\/2021\/12\/image.png\" \/>\n<meta name=\"twitter:card\" content=\"summary_large_image\" \/>\n<meta name=\"twitter:label1\" content=\"Tempo di lettura stimato\" \/>\n\t<meta name=\"twitter:data1\" content=\"3 minuti\" \/>\n<script type=\"application\/ld+json\" class=\"yoast-schema-graph\">{\"@context\":\"https:\/\/schema.org\",\"@graph\":[{\"@type\":\"WebPage\",\"@id\":\"https:\/\/www.bplquadrielettrici.it\/index.php\/privacy-policy\/\",\"url\":\"https:\/\/www.bplquadrielettrici.it\/index.php\/privacy-policy\/\",\"name\":\"Privacy Policy - BPL Quadri Elettrici\",\"isPartOf\":{\"@id\":\"https:\/\/www.bplquadrielettrici.it\/#website\"},\"primaryImageOfPage\":{\"@id\":\"https:\/\/www.bplquadrielettrici.it\/index.php\/privacy-policy\/#primaryimage\"},\"image\":{\"@id\":\"https:\/\/www.bplquadrielettrici.it\/index.php\/privacy-policy\/#primaryimage\"},\"thumbnailUrl\":\"https:\/\/www.bplquadrielettrici.it\/wp-content\/uploads\/2021\/12\/image.png\",\"datePublished\":\"2021-09-23T11:53:28+00:00\",\"dateModified\":\"2023-03-02T13:44:52+00:00\",\"breadcrumb\":{\"@id\":\"https:\/\/www.bplquadrielettrici.it\/index.php\/privacy-policy\/#breadcrumb\"},\"inLanguage\":\"it-IT\",\"potentialAction\":[{\"@type\":\"ReadAction\",\"target\":[\"https:\/\/www.bplquadrielettrici.it\/index.php\/privacy-policy\/\"]}]},{\"@type\":\"ImageObject\",\"inLanguage\":\"it-IT\",\"@id\":\"https:\/\/www.bplquadrielettrici.it\/index.php\/privacy-policy\/#primaryimage\",\"url\":\"https:\/\/www.bplquadrielettrici.it\/wp-content\/uploads\/2021\/12\/image.png\",\"contentUrl\":\"https:\/\/www.bplquadrielettrici.it\/wp-content\/uploads\/2021\/12\/image.png\",\"width\":193,\"height\":126},{\"@type\":\"BreadcrumbList\",\"@id\":\"https:\/\/www.bplquadrielettrici.it\/index.php\/privacy-policy\/#breadcrumb\",\"itemListElement\":[{\"@type\":\"ListItem\",\"position\":1,\"name\":\"Home\",\"item\":\"https:\/\/www.bplquadrielettrici.it\/\"},{\"@type\":\"ListItem\",\"position\":2,\"name\":\"Privacy Policy\"}]},{\"@type\":\"WebSite\",\"@id\":\"https:\/\/www.bplquadrielettrici.it\/#website\",\"url\":\"https:\/\/www.bplquadrielettrici.it\/\",\"name\":\"BPL Quadri Elettrici\",\"description\":\"Quadri elettrici industriali, civili, fotovoltaico\",\"publisher\":{\"@id\":\"https:\/\/www.bplquadrielettrici.it\/#organization\"},\"potentialAction\":[{\"@type\":\"SearchAction\",\"target\":{\"@type\":\"EntryPoint\",\"urlTemplate\":\"https:\/\/www.bplquadrielettrici.it\/?s={search_term_string}\"},\"query-input\":{\"@type\":\"PropertyValueSpecification\",\"valueRequired\":true,\"valueName\":\"search_term_string\"}}],\"inLanguage\":\"it-IT\"},{\"@type\":\"Organization\",\"@id\":\"https:\/\/www.bplquadrielettrici.it\/#organization\",\"name\":\"B.P.L. Quadri Elettrici\",\"alternateName\":\"BPL Quadri Elettrici\",\"url\":\"https:\/\/www.bplquadrielettrici.it\/\",\"logo\":{\"@type\":\"ImageObject\",\"inLanguage\":\"it-IT\",\"@id\":\"https:\/\/www.bplquadrielettrici.it\/#\/schema\/logo\/image\/\",\"url\":\"https:\/\/www.bplquadrielettrici.it\/wp-content\/uploads\/2021\/12\/mod5b-1.jpg\",\"contentUrl\":\"https:\/\/www.bplquadrielettrici.it\/wp-content\/uploads\/2021\/12\/mod5b-1.jpg\",\"width\":952,\"height\":463,\"caption\":\"B.P.L. Quadri Elettrici\"},\"image\":{\"@id\":\"https:\/\/www.bplquadrielettrici.it\/#\/schema\/logo\/image\/\"}}]}<\/script>\n<!-- \/ Yoast SEO plugin. -->","yoast_head_json":{"title":"Privacy Policy - BPL Quadri Elettrici","robots":{"index":"index","follow":"follow","max-snippet":"max-snippet:-1","max-image-preview":"max-image-preview:large","max-video-preview":"max-video-preview:-1"},"canonical":"https:\/\/www.bplquadrielettrici.it\/index.php\/privacy-policy\/","og_locale":"it_IT","og_type":"article","og_title":"Privacy Policy - BPL Quadri Elettrici","og_description":"INFORMATIVA PRIVACY A NORMA DELL\u2019ART. 13&nbsp;E 14 DEL RGDP PER I DATI RACCOLTI DIRETTAMENTE ED INDIRETTAMENTE PRESSO L\u2019INTERESSATO Gentile cliente\/fornitore&nbsp; \u2022&nbsp;Il Regolamento Europeo in materia di protezione dei dati personali (RGDP) agli artt. 13 e 14, commi 1, impone l\u2019obbligo di informare l\u2019interessato, in caso di raccolta diretta ed indiretta dei suoi dati, sugli elementi [&hellip;]","og_url":"https:\/\/www.bplquadrielettrici.it\/index.php\/privacy-policy\/","og_site_name":"BPL Quadri Elettrici","article_modified_time":"2023-03-02T13:44:52+00:00","og_image":[{"url":"https:\/\/www.bplquadrielettrici.it\/wp-content\/uploads\/2021\/12\/image.png","type":"","width":"","height":""}],"twitter_card":"summary_large_image","twitter_misc":{"Tempo di lettura stimato":"3 minuti"},"schema":{"@context":"https:\/\/schema.org","@graph":[{"@type":"WebPage","@id":"https:\/\/www.bplquadrielettrici.it\/index.php\/privacy-policy\/","url":"https:\/\/www.bplquadrielettrici.it\/index.php\/privacy-policy\/","name":"Privacy Policy - BPL Quadri Elettrici","isPartOf":{"@id":"https:\/\/www.bplquadrielettrici.it\/#website"},"primaryImageOfPage":{"@id":"https:\/\/www.bplquadrielettrici.it\/index.php\/privacy-policy\/#primaryimage"},"image":{"@id":"https:\/\/www.bplquadrielettrici.it\/index.php\/privacy-policy\/#primaryimage"},"thumbnailUrl":"https:\/\/www.bplquadrielettrici.it\/wp-content\/uploads\/2021\/12\/image.png","datePublished":"2021-09-23T11:53:28+00:00","dateModified":"2023-03-02T13:44:52+00:00","breadcrumb":{"@id":"https:\/\/www.bplquadrielettrici.it\/index.php\/privacy-policy\/#breadcrumb"},"inLanguage":"it-IT","potentialAction":[{"@type":"ReadAction","target":["https:\/\/www.bplquadrielettrici.it\/index.php\/privacy-policy\/"]}]},{"@type":"ImageObject","inLanguage":"it-IT","@id":"https:\/\/www.bplquadrielettrici.it\/index.php\/privacy-policy\/#primaryimage","url":"https:\/\/www.bplquadrielettrici.it\/wp-content\/uploads\/2021\/12\/image.png","contentUrl":"https:\/\/www.bplquadrielettrici.it\/wp-content\/uploads\/2021\/12\/image.png","width":193,"height":126},{"@type":"BreadcrumbList","@id":"https:\/\/www.bplquadrielettrici.it\/index.php\/privacy-policy\/#breadcrumb","itemListElement":[{"@type":"ListItem","position":1,"name":"Home","item":"https:\/\/www.bplquadrielettrici.it\/"},{"@type":"ListItem","position":2,"name":"Privacy Policy"}]},{"@type":"WebSite","@id":"https:\/\/www.bplquadrielettrici.it\/#website","url":"https:\/\/www.bplquadrielettrici.it\/","name":"BPL Quadri Elettrici","description":"Quadri elettrici industriali, civili, fotovoltaico","publisher":{"@id":"https:\/\/www.bplquadrielettrici.it\/#organization"},"potentialAction":[{"@type":"SearchAction","target":{"@type":"EntryPoint","urlTemplate":"https:\/\/www.bplquadrielettrici.it\/?s={search_term_string}"},"query-input":{"@type":"PropertyValueSpecification","valueRequired":true,"valueName":"search_term_string"}}],"inLanguage":"it-IT"},{"@type":"Organization","@id":"https:\/\/www.bplquadrielettrici.it\/#organization","name":"B.P.L. Quadri Elettrici","alternateName":"BPL Quadri Elettrici","url":"https:\/\/www.bplquadrielettrici.it\/","logo":{"@type":"ImageObject","inLanguage":"it-IT","@id":"https:\/\/www.bplquadrielettrici.it\/#\/schema\/logo\/image\/","url":"https:\/\/www.bplquadrielettrici.it\/wp-content\/uploads\/2021\/12\/mod5b-1.jpg","contentUrl":"https:\/\/www.bplquadrielettrici.it\/wp-content\/uploads\/2021\/12\/mod5b-1.jpg","width":952,"height":463,"caption":"B.P.L. Quadri Elettrici"},"image":{"@id":"https:\/\/www.bplquadrielettrici.it\/#\/schema\/logo\/image\/"}}]}},"_links":{"self":[{"href":"https:\/\/www.bplquadrielettrici.it\/index.php\/wp-json\/wp\/v2\/pages\/3","targetHints":{"allow":["GET"]}}],"collection":[{"href":"https:\/\/www.bplquadrielettrici.it\/index.php\/wp-json\/wp\/v2\/pages"}],"about":[{"href":"https:\/\/www.bplquadrielettrici.it\/index.php\/wp-json\/wp\/v2\/types\/page"}],"author":[{"embeddable":true,"href":"https:\/\/www.bplquadrielettrici.it\/index.php\/wp-json\/wp\/v2\/users\/1"}],"replies":[{"embeddable":true,"href":"https:\/\/www.bplquadrielettrici.it\/index.php\/wp-json\/wp\/v2\/comments?post=3"}],"version-history":[{"count":2,"href":"https:\/\/www.bplquadrielettrici.it\/index.php\/wp-json\/wp\/v2\/pages\/3\/revisions"}],"predecessor-version":[{"id":71,"href":"https:\/\/www.bplquadrielettrici.it\/index.php\/wp-json\/wp\/v2\/pages\/3\/revisions\/71"}],"wp:attachment":[{"href":"https:\/\/www.bplquadrielettrici.it\/index.php\/wp-json\/wp\/v2\/media?parent=3"}],"curies":[{"name":"wp","href":"https:\/\/api.w.org\/{rel}","templated":true}]}}